{"id":1567,"date":"2020-04-01T13:18:29","date_gmt":"2020-04-01T11:18:29","guid":{"rendered":"http:\/\/www.cisztasfibrozis.hu\/?page_id=1567"},"modified":"2020-04-22T10:20:20","modified_gmt":"2020-04-22T08:20:20","slug":"betegellatas-a-covid-19-jarvany-idejen","status":"publish","type":"page","link":"https:\/\/www.cisztasfibrozis.hu\/index.php\/betegellatas-a-covid-19-jarvany-idejen\/","title":{"rendered":"Betegell\u00e1t\u00e1s a COVID-19 j\u00e1rv\u00e1ny idej\u00e9n"},"content":{"rendered":"\n<h2 class=\"wp-block-heading\">A COVID-19 koronav\u00edrus teljesen felbor\u00edtotta az \u00e9let\u00fcnket.  A CF ell\u00e1t\u00f3k\u00f6zpontok mindegyike arra t\u00f6rekszik, hogy minimaliz\u00e1lja az orvos &#8211; beteg tal\u00e1lkoz\u00f3kat.  <\/h2>\n\n\n\n<ul class=\"wp-block-list\"><li>Betegekkel a kapcsolatot mindannyian tartj\u00e1k telefonon vagy emailben.   <\/li><li>Betegek a folyamatosan szedett gy\u00f3gyszerekkel el vannak l\u00e1tva<\/li><li>A sz\u00fcks\u00e9ges recepteket elektronikus \u00faton (EESZT) juttatj\u00e1k el. Az E-receptek kiv\u00e1lt\u00e1s\u00e1hoz a beteg TAJ sz\u00e1m\u00e1ra \u00e9s a kiv\u00e1lt\u00f3 szem\u00e9lyigazolv\u00e1ny\u00e1ra van sz\u00fcks\u00e9g.<\/li><li>Akut  exacerb\u00e1ci\u00f3 (\u00e1llapotroml\u00e1s)  eset\u00e9ben jelentkezni kell az kezel\u0151orvosn\u00e1l. El\u0151re egyeztetve!<\/li><li>Ellen\u0151rz\u0151,  vagy \u00e9ves vizsg\u00e1latokat nem v\u00e9geznek.<\/li><\/ul>\n\n\n\n<h2 class=\"wp-block-heading\"> <a href=\"http:\/\/heimpalkorhaz.hu\/blog\/rendelo\/mucoviscidosis-gondozo\/\" target=\"_blank\" rel=\"noopener\"><strong>Heim P\u00e1l Orsz\u00e1gos Gyermekgy\u00f3gy\u00e1szati Int\u00e9zet CF Rendel\u0151<\/strong><\/a> <\/h2>\n\n\n\n<p><strong>Dr. Papp Eszter<\/strong> (kedd 8-16 \u00f3ra)  \u00e9s <br><strong>Dr. Bodn\u00e1r R\u00e9ka<\/strong> (szerda 12-16 \u00f3ra) heti v\u00e1lt\u00e1sban fogadj\u00e1k a betegeket.<\/p>\n\n\n\n<div class=\"wp-block-image is-style-default\"><figure class=\"alignright is-resized\"><img loading=\"lazy\" decoding=\"async\" src=\"https:\/\/m.blog.hu\/pr\/praxis\/image\/heim_pal_gyermekkorhaz1_szigetvary_zsolt_mti.jpg\" alt=\"Heim P\u00e1l Gyermekk\u00f3rh\u00e1z\" width=\"285\" height=\"190\"\/><figcaption>Heim P\u00e1l Gyermekk\u00f3rh\u00e1z<\/figcaption><\/figure><\/div>\n\n\n<p><strong>Vastag M\u00f3nika (asszisztens)<br><\/strong>Telefon: <strong>06\/1-459-9100<\/strong><em>, <\/em><strong>1397<\/strong> mell\u00e9k,<br><strong>06\/1-459-9160<\/strong><em><br><\/em>Email: muco(at)heimpalkorhaz.hu&nbsp;<strong><br><\/strong>Minden h\u00e9ten:<em> kedden, szerd\u00e1n \u00e9s cs\u00fct\u00f6rt\u00f6k\u00f6n<\/em> rendel\u00e9si id\u0151ben&nbsp; ny\u00fajt telefonos seg\u00edts\u00e9get az ambulancia telefonsz\u00e1m\u00e1n&nbsp; Vastag M\u00f3nika.<br data-rich-text-line-break=\"true\">A szok\u00e1sos kontroll-vizsg\u00e1latokat a panaszmentes betegekn\u00e9l elhalasztj\u00e1k, err\u0151l mindenkit \u00e9rtes\u00edtenek telefonon \u00e9s \u00faj kontroll id\u0151pontot is adnak. Receptig\u00e9nyeket telefonon \u00e9s e-mailben is fogadj\u00e1k rendel\u00e9si id\u0151ben (kedd, szerda, cs\u00fct\u00f6rt\u00f6k)! <br data-rich-text-line-break=\"true\">Akut probl\u00e9ma eset\u00e9n k\u00e9rik az ambulancia telefonsz\u00e1m\u00e1t h\u00edvj\u00e1k, amennyiben az nem el\u00e9rhet\u0151 S\u00fcrg\u0151ss\u00e9gi Ambulanci\u00e1n jelentkezzenek. Aki fekv\u0151beteg-ell\u00e1t\u00e1sra szorul, azon CF-es betegeket term\u00e9szetesen tov\u00e1bbra is ell\u00e1tja a Belgy\u00f3gy\u00e1szati \u00e9s Pulmonol\u00f3giai Oszt\u00e1ly. <br data-rich-text-line-break=\"true\">Ambul\u00e1nsan gy\u00f3gytorn\u00e1sz <strong>Palotai Gabriella <\/strong>jelenleg NEM fogad CF-es betegeket, de telefonon el\u00e9rhet\u0151 h\u00e9tk\u00f6znap 8-14 \u00f3ra k\u00f6z\u00f6tt 06-30-8388366.<\/p>\n<p><\/p>\n<p><!--EndFragment--><\/p>\n\n\n<hr class=\"wp-block-separator is-style-default\"\/>\n\n\n\n<div class=\"wp-block-image is-style-default\"><figure class=\"alignright is-resized\"><img loading=\"lazy\" decoding=\"async\" src=\"https:\/\/lh5.googleusercontent.com\/p\/AF1QipNt5-_9PV9hRx4acrwnr6hEwsqRMq4PEaPA3m4M=w408-h272-k-no\" alt=\"\" width=\"293\" height=\"195\"><figcaption>CF r\u00e9szleg  <\/figcaption><\/figure><\/div>\n\n\n\n<h2 class=\"wp-block-heading\"><strong><a href=\"http:\/\/koranyi.hu\" target=\"_blank\" rel=\"noopener\">Orsz\u00e1gos Kor\u00e1nyi Pulmonol\u00f3giai Int\u00e9zet -CF r\u00e9szleg<\/a><\/strong><\/h2>\n\n\n\n<p><strong>Dr. Hal\u00e1sz Adrien<\/strong><br>Tel.: <strong>06\/30-7435344 <\/strong><br><strong>Jakab \u00c9va ( Asszisztens) <\/strong><br>Tel.:  <strong>06\/30-205-2324<\/strong><br>Email: jakabeva60(at)gmail.com<\/p>\n\n\n\n<p>Recetp\u00edr\u00e1s folyamatos  k\u00e9rhet\u0151 telefonon \u00e9s emailben 1-2 napon bel\u00fcl a felh\u0151ben van \u00e9s m\u00e1r v\u00e1lthat\u00f3 is ki.<br>Ha m\u00e9gis sz\u00fcks\u00e9ges megjelenni akkor: <strong>L\u00e1ztalan<\/strong>&nbsp;\u00e1llapotban az A-B Hall 6 szob\u00e1ban ,<strong>&nbsp;l\u00e1z eset\u00e9n<\/strong>&nbsp;a Seb\u00e9szeti \u00e9p\u00fcletben kell jelentkezni.&nbsp;A betegek&nbsp;<strong>fekv\u0151 ell\u00e1t\u00e1sa<\/strong>&nbsp;a XIV. oszt\u00e1lyon t\u00f6rt\u00e9nik.  \u00c1tmenetileg!<\/p>\n\n\n\n<hr class=\"wp-block-separator\"\/>\n\n\n\n<h2 class=\"wp-block-heading\"><a href=\"https:\/\/gyermektudobalint.hu\/\" target=\"_blank\" rel=\"noopener\"><strong>T\u00f6r\u00f6kb\u00e1lint  Gyermekoszt\u00e1ly<\/strong><\/a><\/h2>\n\n\n\n<p><strong>Dr. Laki Istv\u00e1n<\/strong><br>Tel.: <strong>06\/20-579-5555<\/strong><br>Email: gyermektudo(at)gmail.com&nbsp;<a href=\"https:\/\/gyermektudobalint.hu\/\" target=\"_blank\" rel=\"noopener\"><br><\/a><\/p>\n\n\n\n<p> <em>&nbsp;<strong>18 \u00e9ves korig b\u00e1rhol lak\u00f3 \u00e9s b\u00e1rhol gondozott CF-es p\u00e1ciens exacerbati\u00f3 miatti kezel\u00e9s\u00e9t, ambul\u00e1ns vizsg\u00e1lat\u00e1t&nbsp;a h\u00e9t minden munkanapj\u00e1n, indokolt esetben a h\u00e9tv\u00e9gi napokon is biztos\u00edtj\u00e1k<\/strong>! Ezen k\u00edv\u00fcl&nbsp;gy\u00f3gyszereinek e-recept, vagy norm\u00e1l recept form\u00e1ban val\u00f3 k\u00fcld\u00e9s\u00e9t, lej\u00e1rt emelt \u00f6sszeg\u0171 csal\u00e1di p\u00f3tl\u00e9k (5 \u00e9vre szokt\u00e1k kiadni) igazol\u00e1s kiad\u00e1s\u00e1t 1-2 napos \u00e1tfut\u00e1ssal megoldj\u00e1k.&nbsp;Oszt\u00e1lyon a sz\u00e9lesspektrum\u00fa, kombin\u00e1lt \u00e9s k\u00faraszer\u0171 kezel\u00e9s higi\u00e9n\u00e9s, szakmai \u00e9s t\u00e1rgyi felt\u00e9telei v\u00e1ltozatlanul megvannak: azaz mindenki elhelyez\u00e9se komfortos, elk\u00fcl\u00f6n\u00edtett, gy\u00f3gyszer, gy\u00f3gytorn\u00e1sz, n\u0151v\u00e9r \u00e9s orvos biztos\u00edtott.&nbsp; Mind a j\u00e1r\u00f3, mind a fekv\u0151beteg ell\u00e1t\u00e1s felt\u00e9tele az el\u0151zetes jelentkez\u00e9s<\/em><\/p>\n\n\n\n<hr class=\"wp-block-separator\"\/>\n\n\n\n<h2 class=\"wp-block-heading\"> <strong><a href=\"https:\/\/www.bazmkorhaz.hu\/bkeok-betegell%C3%A1t%C3%A1s\/j%C3%A1r%C3%B3beteg-ell%C3%A1t%C3%A1s\/gyermekell%C3%A1t%C3%A1s\/gyermek-gasztroenterol%C3%B3gia.html\" target=\"_blank\" rel=\"noopener\">Miskolc GYEK<\/a><\/strong> <\/h2>\n\n\n\n<h3 class=\"wp-block-heading\"><br><strong>Dr. S\u00f3lyom Enik\u0151<\/strong><br><strong>Dr. Kosaras \u00c9va<br>Dr. Demeter Botond<\/strong><br>Tel:  <strong>06\/46-515-200  mell\u00e9k 11471<\/strong> vagy <strong>15215<\/strong> <br><br>A GYEK csak COVID-19 gyan\u00fas beteget kezelhet, a pozit\u00edvat&nbsp; tov\u00e1bb kell k\u00fcldi.<\/h3>\n\n\n\n<hr class=\"wp-block-separator\"\/>\n\n\n\n<h2 class=\"wp-block-heading\"><strong> <\/strong><a href=\"https:\/\/www.korhazajka.hu\/\" target=\"_blank\" rel=\"noopener\"><strong>Magyar Imre K\u00f3rh\u00e1z<\/strong> <strong>Gyermekpulmonol\u00f3gia  &#8211; Ajka<\/strong><\/a><\/h2>\n\n\n\n<p><strong>Dr. Kov\u00e1cs Ilona<\/strong><br>Tel:  <strong>06\/70-397-7244 <\/strong><\/p>\n\n\n\n<hr class=\"wp-block-separator\"\/>\n\n\n\n<h2 class=\"wp-block-heading\"><strong><a href=\"http:\/\/www.szszbmk.hu\/nyiregyhaza\" target=\"_blank\" rel=\"noopener\">J\u00f3sa Andr\u00e1s Oktat\u00f3k\u00f3rh\u00e1z &#8211; Ny\u00edregyh\u00e1za<\/a><\/strong><br><\/h2>\n\n\n\n<h3 class=\"wp-block-heading\"><strong>Dr. Vass Kl\u00e1ra<\/strong><br>Tel:  &nbsp;<strong>06\/42-599-700 &#8211; 1768<\/strong> mell\u00e9k <\/h3>\n\n\n\n<hr class=\"wp-block-separator\"\/>\n\n\n\n<h2 class=\"wp-block-heading\"><strong><a href=\"http:\/\/www.gyermekklinika.semmelweis.hu\/szervezeti_adatlap.aspx?web_id=&amp;s_id=165\" target=\"_blank\" rel=\"noopener\">Debrecen KK Gyermelinika<\/a><\/strong><\/h2>\n\n\n\n<p><strong>Dr. Bene Zsolt<\/strong><br>Tel: <strong>06\/52 411-717 <\/strong><br>pulmonologia:<strong> 55407 <\/strong>mell\u00e9k<br>s\u00fcrg\u0151ss\u00e9gi ambulancia: <strong>55636<\/strong> mell\u00e9k<\/p>\n\n\n\n<hr class=\"wp-block-separator\"\/>\n\n\n\n<h2 class=\"wp-block-heading\"><a href=\"http:\/\/www.petz.gyor.hu\/\" target=\"_blank\" rel=\"noopener\"> <strong>Petz Alad\u00e1r Megyei Oktat\u00f3 K\u00f3rh\u00e1z  &#8211; Gy\u0151r<\/strong><\/a><\/h2>\n\n\n\n<p><strong>Dr. Anghelyi Andrea<\/strong><br><strong>Dr. Ruszink\u00f3 Vikt\u00f3ria<\/strong><br>Tel:  <strong>06\/96-4182-44  4425 <\/strong>vagy <strong>4503<\/strong> mell\u00e9k. <\/p>\n\n\n\n<hr class=\"wp-block-separator\"\/>\n\n\n\n<h2 class=\"wp-block-heading\"><strong> PTE Gyermekklinika <\/strong> &#8211;<strong> P\u00e9cs<\/strong><\/h2>\n\n\n\n<p><strong>Dr. P\u00e9terfia Csaba<\/strong><br>Tel:  <strong>06\/72-507-535<\/strong> <br> L\u00e1zas betegs\u00e9g eset\u00e9n a j\u00e1rv\u00e1ny\u00fcgyi helyzet miatt a l\u00e1zas beteg ell\u00e1t\u00e1s\u00e1nak rendj\u00e9r\u0151l szint\u00e9n el\u0151sz\u00f6r telefonon \u00e9rdekl\u0151djenek!<\/p>\n\n\n\n<hr class=\"wp-block-separator\"\/>\n\n\n\n<h2 class=\"wp-block-heading\"><strong>SZTE Gyermekklinika &#8211; Szeged<\/strong><\/h2>\n\n\n\n<p><strong>Dr. Szab\u00f3 \u00c1gnes<\/strong><br>Tel.: <strong>06\/30-249-3265<\/strong> <br>Minden kedden 11 \u00f3r\u00e1t\u00f3l  el\u0151re megbesz\u00e9lt id\u0151pontban<br> 6726 Szeged, Temesv\u00e1ri krt. 35-37 <\/p>\n\n\n\n<hr class=\"wp-block-separator\"\/>\n\n\n\n<h2 class=\"wp-block-heading\"><strong><a href=\"http:\/\/markusovszky.hu\/betegellatas\/szombathely\/fekvobeteg-ellatas\/csecsemo-es-gyermekgyogyaszati-osztaly\/bemutatkozas\" target=\"_blank\" rel=\"noopener\">Markusovszky K\u00f3rh\u00e1z Gyermekoszt\u00e1ly<\/a><\/strong><\/h2>\n\n\n\n<p><strong>Dr. Major Mikl\u00f3s<\/strong><br>Tel.: <strong>06\/20-980-9732<\/strong><br>Amennyiben &nbsp;k\u00f3rh\u00e1zi kezel\u00e9s sz\u00fcks\u00e9ges, az elk\u00fcl\u00f6n\u00edtett &nbsp;ell\u00e1t\u00e1s biztos\u00edtott a Markusovszky K\u00f3rh\u00e1z Gyermekoszt\u00e1ly\u00e1n<\/p>\n\n\n\n<p class=\"has-background has-very-light-gray-background-color\"><a href=\"http:\/\/www.cisztasfibrozis.hu\">Vissza a f\u0151oldalra<\/a><\/p>\n\n\n<ul class=\"wp-block-latest-posts__list wp-block-latest-posts\"><li><a class=\"wp-block-latest-posts__post-title\" href=\"https:\/\/www.cisztasfibrozis.hu\/index.php\/2026\/04\/06\/cf-hetvege-2026-fonyodliget\/\">CF H\u00e9tv\u00e9ge 2026 &#8211; Fony\u00f3dliget<\/a><\/li>\n<li><a class=\"wp-block-latest-posts__post-title\" href=\"https:\/\/www.cisztasfibrozis.hu\/index.php\/2026\/03\/30\/kozgyulesi-meghivo-2\/\">K\u00f6zgy\u0171l\u00e9si megh\u00edv\u00f3<\/a><\/li>\n<li><a class=\"wp-block-latest-posts__post-title\" href=\"https:\/\/www.cisztasfibrozis.hu\/index.php\/2026\/02\/17\/ismet-szuloi-klub-a-heim-pal-orszagos-gyermekgyogyaszati-intezetben\/\">Ism\u00e9t Sz\u00fcl\u0151i klub a Heim P\u00e1l Orsz\u00e1gos Gyermekgy\u00f3gy\u00e1szati Int\u00e9zetben!<\/a><\/li>\n<li><a class=\"wp-block-latest-posts__post-title\" href=\"https:\/\/www.cisztasfibrozis.hu\/index.php\/2026\/02\/05\/nekunk-a-legzes-kemeny-munka\/\">NEK\u00dcNK A L\u00c9GZ\u00c9S KEM\u00c9NY MUNKA<\/a><\/li>\n<li><a class=\"wp-block-latest-posts__post-title\" href=\"https:\/\/www.cisztasfibrozis.hu\/index.php\/2025\/12\/24\/karacsonyi-jokivansagok\/\">Kar\u00e1csonyi j\u00f3kiv\u00e1ns\u00e1gok<\/a><\/li>\n<\/ul>\n\n\n<figure class=\"wp-block-embed-wordpress alignleft wp-block-embed is-type-wp-embed is-provider-cisztas-fibrozis-betegek-egyesulete\"><div class=\"wp-block-embed__wrapper\">\n<blockquote class=\"wp-embedded-content\" data-secret=\"YHmti7DdNk\"><a href=\"https:\/\/www.cisztasfibrozis.hu\/index.php\/cf-ellatohelyek\/\">Ciszt\u00e1s Fibr\u00f3zis ell\u00e1t\u00f3helyek<\/a><\/blockquote><iframe loading=\"lazy\" class=\"wp-embedded-content\" sandbox=\"allow-scripts\" security=\"restricted\" style=\"position: absolute; clip: rect(1px, 1px, 1px, 1px);\" title=\"&#8220;Ciszt\u00e1s Fibr\u00f3zis ell\u00e1t\u00f3helyek&#8221; &#8212; Ciszt\u00e1s Fibr\u00f3zis Betegek Egyes\u00fclete\" src=\"https:\/\/www.cisztasfibrozis.hu\/index.php\/cf-ellatohelyek\/embed\/#?secret=DmnyTKYEuo#?secret=YHmti7DdNk\" data-secret=\"YHmti7DdNk\" width=\"500\" height=\"282\" frameborder=\"0\" marginwidth=\"0\" marginheight=\"0\" scrolling=\"no\"><\/iframe>\n<\/div><\/figure>\n\n\n\n<figure class=\"wp-block-embed-wordpress alignright wp-block-embed is-type-wp-embed is-provider-cisztas-fibrozis-betegek-egyesulete\"><div class=\"wp-block-embed__wrapper\">\n<blockquote class=\"wp-embedded-content\" data-secret=\"lmEJJfYHz2\"><a href=\"https:\/\/www.cisztasfibrozis.hu\/index.php\/2020\/02\/27\/tanacsok-a-covid-19-coronavirus-jarvany-kapcsan-cf-eseknek\/\">Tan\u00e1csok a COVID-19 coronav\u00edrus-j\u00e1rv\u00e1ny kapcs\u00e1n CF-eseknek<\/a><\/blockquote><iframe loading=\"lazy\" class=\"wp-embedded-content\" sandbox=\"allow-scripts\" security=\"restricted\" style=\"position: absolute; clip: rect(1px, 1px, 1px, 1px);\" title=\"&#8220;Tan\u00e1csok a COVID-19 coronav\u00edrus-j\u00e1rv\u00e1ny kapcs\u00e1n CF-eseknek&#8221; &#8212; Ciszt\u00e1s Fibr\u00f3zis Betegek Egyes\u00fclete\" src=\"https:\/\/www.cisztasfibrozis.hu\/index.php\/2020\/02\/27\/tanacsok-a-covid-19-coronavirus-jarvany-kapcsan-cf-eseknek\/embed\/#?secret=ag97wlS4c7#?secret=lmEJJfYHz2\" data-secret=\"lmEJJfYHz2\" width=\"500\" height=\"282\" frameborder=\"0\" marginwidth=\"0\" marginheight=\"0\" scrolling=\"no\"><\/iframe>\n<\/div><\/figure>\n","protected":false},"excerpt":{"rendered":"<p>A COVID-19 koronav\u00edrus teljesen felbor\u00edtotta az \u00e9let\u00fcnket. A CF ell\u00e1t\u00f3k\u00f6zpontok mindegyike arra t\u00f6rekszik, hogy minimaliz\u00e1lja az orvos &#8211; beteg tal\u00e1lkoz\u00f3kat. Betegekkel a kapcsolatot mindannyian tartj\u00e1k&#8230;<\/p>\n","protected":false},"author":2,"featured_media":1289,"parent":0,"menu_order":0,"comment_status":"closed","ping_status":"closed","template":"","meta":{"footnotes":""},"class_list":["post-1567","page","type-page","status-publish","has-post-thumbnail","hentry","entry","double"],"_links":{"self":[{"href":"https:\/\/www.cisztasfibrozis.hu\/index.php\/wp-json\/wp\/v2\/pages\/1567","targetHints":{"allow":["GET"]}}],"collection":[{"href":"https:\/\/www.cisztasfibrozis.hu\/index.php\/wp-json\/wp\/v2\/pages"}],"about":[{"href":"https:\/\/www.cisztasfibrozis.hu\/index.php\/wp-json\/wp\/v2\/types\/page"}],"author":[{"embeddable":true,"href":"https:\/\/www.cisztasfibrozis.hu\/index.php\/wp-json\/wp\/v2\/users\/2"}],"replies":[{"embeddable":true,"href":"https:\/\/www.cisztasfibrozis.hu\/index.php\/wp-json\/wp\/v2\/comments?post=1567"}],"version-history":[{"count":39,"href":"https:\/\/www.cisztasfibrozis.hu\/index.php\/wp-json\/wp\/v2\/pages\/1567\/revisions"}],"predecessor-version":[{"id":1991,"href":"https:\/\/www.cisztasfibrozis.hu\/index.php\/wp-json\/wp\/v2\/pages\/1567\/revisions\/1991"}],"wp:featuredmedia":[{"embeddable":true,"href":"https:\/\/www.cisztasfibrozis.hu\/index.php\/wp-json\/wp\/v2\/media\/1289"}],"wp:attachment":[{"href":"https:\/\/www.cisztasfibrozis.hu\/index.php\/wp-json\/wp\/v2\/media?parent=1567"}],"curies":[{"name":"wp","href":"https:\/\/api.w.org\/{rel}","templated":true}]}}